{"id":2825,"date":"2022-01-26T19:29:24","date_gmt":"2022-01-26T19:29:24","guid":{"rendered":"http:\/\/revesen.de\/?post_type=product&#038;p=2825"},"modified":"2025-05-26T08:41:22","modified_gmt":"2025-05-26T08:41:22","slug":"bodendiele-farbton-perla","status":"publish","type":"product","link":"https:\/\/revesen.de\/index.php\/produkt\/bodendiele-farbton-perla\/","title":{"rendered":"Bodendiele \u2013 Farbton Perla"},"content":{"rendered":"<p>Mit Graphitfarbe gef\u00fcllte \u00c4ste unterstreichen den einzigartigen Charakter der hellbraunen Diele. Diese ungew\u00f6hnliche Bodenfarbe bietet gro\u00dfe Freiheit bei der Auswahl von Dekorationselementen f\u00fcr Ihr Zuhause und betont deren Form und Charakter.<\/p>\n","protected":false},"excerpt":{"rendered":"<p>Mit Graphitfarbe gef\u00fcllte \u00c4ste unterstreichen den einzigartigen Charakter der hellbraunen Diele. Diese ungew\u00f6hnliche Bodenfarbe bietet gro\u00dfe Freiheit bei der Auswahl von Dekorationselementen f\u00fcr Ihr Zuhause und betont deren Form und Charakter.[fusion_button link=\"http:\/\/revesen.de\/index.php\/2022\/06\/15\/perla\/\" title=\"\" target=\"_self\" link_attributes=\"\" alignment_medium=\"\" alignment_small=\"\" alignment=\"\" modal=\"\" hide_on_mobile=\"small-visibility,medium-visibility,large-visibility\" sticky_display=\"normal,sticky\" class=\"\" id=\"\" color=\"default\" button_gradient_top_color=\"\" hue=\"\" saturation=\"\" lightness=\"\" alpha=\"\" button_gradient_bottom_color=\"\" button_gradient_top_color_hover=\"\" button_gradient_bottom_color_hover=\"\" gradient_start_position=\"\" gradient_end_position=\"\" gradient_type=\"\" radial_direction=\"\" linear_angle=\"180\" accent_color=\"\" accent_hover_color=\"\" type=\"\" bevel_color=\"\" bevel_color_hover=\"\" border_top=\"\" border_right=\"\" border_bottom=\"\" border_left=\"\" border_radius_top_left=\"\" border_radius_top_right=\"\" border_radius_bottom_right=\"\" border_radius_bottom_left=\"\" border_color=\"\" border_hover_color=\"\" size=\"xlarge\" padding_top=\"\" padding_right=\"\" padding_bottom=\"\" padding_left=\"\" fusion_font_family_button_font=\"\" fusion_font_variant_button_font=\"\" font_size=\"\" line_height=\"\" letter_spacing=\"\" text_transform=\"\" stretch=\"default\" margin_top=\"\" margin_right=\"\" margin_bottom=\"\" margin_left=\"\" icon=\"\" icon_position=\"left\" icon_divider=\"no\" animation_type=\"\" animation_direction=\"left\" animation_speed=\"0.3\" animation_offset=\"\"]Projekte[\/fusion_button]<\/p>\n","protected":false},"featured_media":2834,"comment_status":"open","ping_status":"closed","template":"","meta":[],"product_brand":[],"product_cat":[59],"product_tag":[],"class_list":{"0":"post-2825","1":"product","2":"type-product","3":"status-publish","4":"has-post-thumbnail","6":"product_cat-home-kollektion","8":"first","9":"instock","10":"virtual","11":"product-type-simple"},"yoast_head":"<!-- This site is optimized with the Yoast SEO plugin v27.2 - https:\/\/yoast.com\/product\/yoast-seo-wordpress\/ -->\n<title>Bodendiele \u2013 Farbton Perla - Revesen - producent pod\u0142\u00f3g drewnianych<\/title>\n<meta name=\"description\" content=\"Hellbraune Dielen mit grafitfarbenen \u00c4sten \u2013 einzigartig und vielseitig kombinierbar mit Deko-Elementen, die Form und Stil unterstreichen.\" \/>\n<meta name=\"robots\" content=\"index, follow, max-snippet:-1, max-image-preview:large, max-video-preview:-1\" \/>\n<link rel=\"canonical\" href=\"https:\/\/revesen.de\/index.php\/produkt\/bodendiele-farbton-perla\/\" \/>\n<meta property=\"og:locale\" content=\"pl_PL\" \/>\n<meta property=\"og:type\" content=\"article\" \/>\n<meta property=\"og:title\" content=\"Bodendiele \u2013 Farbton Perla - Revesen - producent pod\u0142\u00f3g drewnianych\" \/>\n<meta property=\"og:description\" content=\"Hellbraune Dielen mit grafitfarbenen \u00c4sten \u2013 einzigartig und vielseitig kombinierbar mit Deko-Elementen, die Form und Stil unterstreichen.\" \/>\n<meta property=\"og:url\" content=\"https:\/\/revesen.de\/index.php\/produkt\/bodendiele-farbton-perla\/\" \/>\n<meta property=\"og:site_name\" content=\"Revesen - producent pod\u0142\u00f3g drewnianych\" \/>\n<meta property=\"article:modified_time\" content=\"2025-05-26T08:41:22+00:00\" \/>\n<meta property=\"og:image\" content=\"https:\/\/revesen.de\/wp-content\/uploads\/2022\/01\/perla2.jpg\" \/>\n\t<meta property=\"og:image:width\" content=\"913\" \/>\n\t<meta property=\"og:image:height\" content=\"842\" \/>\n\t<meta property=\"og:image:type\" content=\"image\/jpeg\" \/>\n<meta name=\"twitter:card\" content=\"summary_large_image\" \/>\n<meta name=\"twitter:label1\" content=\"Szacowany czas czytania\" \/>\n\t<meta name=\"twitter:data1\" content=\"1 minuta\" \/>\n<script type=\"application\/ld+json\" class=\"yoast-schema-graph\">{\"@context\":\"https:\/\/schema.org\",\"@graph\":[{\"@type\":\"WebPage\",\"@id\":\"https:\/\/revesen.de\/index.php\/produkt\/bodendiele-farbton-perla\/\",\"url\":\"https:\/\/revesen.de\/index.php\/produkt\/bodendiele-farbton-perla\/\",\"name\":\"Bodendiele \u2013 Farbton Perla - Revesen - producent pod\u0142\u00f3g drewnianych\",\"isPartOf\":{\"@id\":\"https:\/\/revesen.de\/#website\"},\"primaryImageOfPage\":{\"@id\":\"https:\/\/revesen.de\/index.php\/produkt\/bodendiele-farbton-perla\/#primaryimage\"},\"image\":{\"@id\":\"https:\/\/revesen.de\/index.php\/produkt\/bodendiele-farbton-perla\/#primaryimage\"},\"thumbnailUrl\":\"https:\/\/revesen.de\/wp-content\/uploads\/2022\/01\/perla2.jpg\",\"datePublished\":\"2022-01-26T19:29:24+00:00\",\"dateModified\":\"2025-05-26T08:41:22+00:00\",\"description\":\"Hellbraune Dielen mit grafitfarbenen \u00c4sten \u2013 einzigartig und vielseitig kombinierbar mit Deko-Elementen, die Form und Stil unterstreichen.\",\"breadcrumb\":{\"@id\":\"https:\/\/revesen.de\/index.php\/produkt\/bodendiele-farbton-perla\/#breadcrumb\"},\"inLanguage\":\"pl-PL\",\"potentialAction\":[{\"@type\":\"ReadAction\",\"target\":[\"https:\/\/revesen.de\/index.php\/produkt\/bodendiele-farbton-perla\/\"]}]},{\"@type\":\"ImageObject\",\"inLanguage\":\"pl-PL\",\"@id\":\"https:\/\/revesen.de\/index.php\/produkt\/bodendiele-farbton-perla\/#primaryimage\",\"url\":\"https:\/\/revesen.de\/wp-content\/uploads\/2022\/01\/perla2.jpg\",\"contentUrl\":\"https:\/\/revesen.de\/wp-content\/uploads\/2022\/01\/perla2.jpg\",\"width\":913,\"height\":842},{\"@type\":\"BreadcrumbList\",\"@id\":\"https:\/\/revesen.de\/index.php\/produkt\/bodendiele-farbton-perla\/#breadcrumb\",\"itemListElement\":[{\"@type\":\"ListItem\",\"position\":1,\"name\":\"Strona g\u0142\u00f3wna\",\"item\":\"https:\/\/revesen.de\/\"},{\"@type\":\"ListItem\",\"position\":2,\"name\":\"Shop\",\"item\":\"https:\/\/revesen.de\/index.php\/shop\/\"},{\"@type\":\"ListItem\",\"position\":3,\"name\":\"Bodendiele \u2013 Farbton Perla\"}]},{\"@type\":\"WebSite\",\"@id\":\"https:\/\/revesen.de\/#website\",\"url\":\"https:\/\/revesen.de\/\",\"name\":\"Revesen - producent pod\u0142\u00f3g drewnianych - Nowy S\u0105cz, Gorlice\",\"description\":\"Producent wysokiej jako\u015bci pod\u0142\u00f3g drewnianych z najwy\u017cszej jako\u015bci drewna\",\"publisher\":{\"@id\":\"https:\/\/revesen.de\/#\/schema\/person\/0239b11af0fef7a3fce8892a684f3003\"},\"potentialAction\":[{\"@type\":\"SearchAction\",\"target\":{\"@type\":\"EntryPoint\",\"urlTemplate\":\"https:\/\/revesen.de\/?s={search_term_string}\"},\"query-input\":{\"@type\":\"PropertyValueSpecification\",\"valueRequired\":true,\"valueName\":\"search_term_string\"}}],\"inLanguage\":\"pl-PL\"},{\"@type\":[\"Person\",\"Organization\"],\"@id\":\"https:\/\/revesen.de\/#\/schema\/person\/0239b11af0fef7a3fce8892a684f3003\",\"name\":\"admin\",\"image\":{\"@type\":\"ImageObject\",\"inLanguage\":\"pl-PL\",\"@id\":\"https:\/\/revesen.de\/wp-content\/uploads\/2022\/02\/logo-ciemne.jpg\",\"url\":\"https:\/\/revesen.de\/wp-content\/uploads\/2022\/02\/logo-ciemne.jpg\",\"contentUrl\":\"https:\/\/revesen.de\/wp-content\/uploads\/2022\/02\/logo-ciemne.jpg\",\"width\":233,\"height\":180,\"caption\":\"admin\"},\"logo\":{\"@id\":\"https:\/\/revesen.de\/wp-content\/uploads\/2022\/02\/logo-ciemne.jpg\"},\"sameAs\":[\"http:\/\/revesen.de\"]}]}<\/script>\n<!-- \/ Yoast SEO plugin. -->","yoast_head_json":{"title":"Bodendiele \u2013 Farbton Perla - Revesen - producent pod\u0142\u00f3g drewnianych","description":"Hellbraune Dielen mit grafitfarbenen \u00c4sten \u2013 einzigartig und vielseitig kombinierbar mit Deko-Elementen, die Form und Stil unterstreichen.","robots":{"index":"index","follow":"follow","max-snippet":"max-snippet:-1","max-image-preview":"max-image-preview:large","max-video-preview":"max-video-preview:-1"},"canonical":"https:\/\/revesen.de\/index.php\/produkt\/bodendiele-farbton-perla\/","og_locale":"pl_PL","og_type":"article","og_title":"Bodendiele \u2013 Farbton Perla - Revesen - producent pod\u0142\u00f3g drewnianych","og_description":"Hellbraune Dielen mit grafitfarbenen \u00c4sten \u2013 einzigartig und vielseitig kombinierbar mit Deko-Elementen, die Form und Stil unterstreichen.","og_url":"https:\/\/revesen.de\/index.php\/produkt\/bodendiele-farbton-perla\/","og_site_name":"Revesen - producent pod\u0142\u00f3g drewnianych","article_modified_time":"2025-05-26T08:41:22+00:00","og_image":[{"width":913,"height":842,"url":"https:\/\/revesen.de\/wp-content\/uploads\/2022\/01\/perla2.jpg","type":"image\/jpeg"}],"twitter_card":"summary_large_image","twitter_misc":{"Szacowany czas czytania":"1 minuta"},"schema":{"@context":"https:\/\/schema.org","@graph":[{"@type":"WebPage","@id":"https:\/\/revesen.de\/index.php\/produkt\/bodendiele-farbton-perla\/","url":"https:\/\/revesen.de\/index.php\/produkt\/bodendiele-farbton-perla\/","name":"Bodendiele \u2013 Farbton Perla - Revesen - producent pod\u0142\u00f3g drewnianych","isPartOf":{"@id":"https:\/\/revesen.de\/#website"},"primaryImageOfPage":{"@id":"https:\/\/revesen.de\/index.php\/produkt\/bodendiele-farbton-perla\/#primaryimage"},"image":{"@id":"https:\/\/revesen.de\/index.php\/produkt\/bodendiele-farbton-perla\/#primaryimage"},"thumbnailUrl":"https:\/\/revesen.de\/wp-content\/uploads\/2022\/01\/perla2.jpg","datePublished":"2022-01-26T19:29:24+00:00","dateModified":"2025-05-26T08:41:22+00:00","description":"Hellbraune Dielen mit grafitfarbenen \u00c4sten \u2013 einzigartig und vielseitig kombinierbar mit Deko-Elementen, die Form und Stil unterstreichen.","breadcrumb":{"@id":"https:\/\/revesen.de\/index.php\/produkt\/bodendiele-farbton-perla\/#breadcrumb"},"inLanguage":"pl-PL","potentialAction":[{"@type":"ReadAction","target":["https:\/\/revesen.de\/index.php\/produkt\/bodendiele-farbton-perla\/"]}]},{"@type":"ImageObject","inLanguage":"pl-PL","@id":"https:\/\/revesen.de\/index.php\/produkt\/bodendiele-farbton-perla\/#primaryimage","url":"https:\/\/revesen.de\/wp-content\/uploads\/2022\/01\/perla2.jpg","contentUrl":"https:\/\/revesen.de\/wp-content\/uploads\/2022\/01\/perla2.jpg","width":913,"height":842},{"@type":"BreadcrumbList","@id":"https:\/\/revesen.de\/index.php\/produkt\/bodendiele-farbton-perla\/#breadcrumb","itemListElement":[{"@type":"ListItem","position":1,"name":"Strona g\u0142\u00f3wna","item":"https:\/\/revesen.de\/"},{"@type":"ListItem","position":2,"name":"Shop","item":"https:\/\/revesen.de\/index.php\/shop\/"},{"@type":"ListItem","position":3,"name":"Bodendiele \u2013 Farbton Perla"}]},{"@type":"WebSite","@id":"https:\/\/revesen.de\/#website","url":"https:\/\/revesen.de\/","name":"Revesen - producent pod\u0142\u00f3g drewnianych - Nowy S\u0105cz, Gorlice","description":"Producent wysokiej jako\u015bci pod\u0142\u00f3g drewnianych z najwy\u017cszej jako\u015bci drewna","publisher":{"@id":"https:\/\/revesen.de\/#\/schema\/person\/0239b11af0fef7a3fce8892a684f3003"},"potentialAction":[{"@type":"SearchAction","target":{"@type":"EntryPoint","urlTemplate":"https:\/\/revesen.de\/?s={search_term_string}"},"query-input":{"@type":"PropertyValueSpecification","valueRequired":true,"valueName":"search_term_string"}}],"inLanguage":"pl-PL"},{"@type":["Person","Organization"],"@id":"https:\/\/revesen.de\/#\/schema\/person\/0239b11af0fef7a3fce8892a684f3003","name":"admin","image":{"@type":"ImageObject","inLanguage":"pl-PL","@id":"https:\/\/revesen.de\/wp-content\/uploads\/2022\/02\/logo-ciemne.jpg","url":"https:\/\/revesen.de\/wp-content\/uploads\/2022\/02\/logo-ciemne.jpg","contentUrl":"https:\/\/revesen.de\/wp-content\/uploads\/2022\/02\/logo-ciemne.jpg","width":233,"height":180,"caption":"admin"},"logo":{"@id":"https:\/\/revesen.de\/wp-content\/uploads\/2022\/02\/logo-ciemne.jpg"},"sameAs":["http:\/\/revesen.de"]}]}},"_links":{"self":[{"href":"https:\/\/revesen.de\/index.php\/wp-json\/wp\/v2\/product\/2825","targetHints":{"allow":["GET"]}}],"collection":[{"href":"https:\/\/revesen.de\/index.php\/wp-json\/wp\/v2\/product"}],"about":[{"href":"https:\/\/revesen.de\/index.php\/wp-json\/wp\/v2\/types\/product"}],"replies":[{"embeddable":true,"href":"https:\/\/revesen.de\/index.php\/wp-json\/wp\/v2\/comments?post=2825"}],"wp:featuredmedia":[{"embeddable":true,"href":"https:\/\/revesen.de\/index.php\/wp-json\/wp\/v2\/media\/2834"}],"wp:attachment":[{"href":"https:\/\/revesen.de\/index.php\/wp-json\/wp\/v2\/media?parent=2825"}],"wp:term":[{"taxonomy":"product_brand","embeddable":true,"href":"https:\/\/revesen.de\/index.php\/wp-json\/wp\/v2\/product_brand?post=2825"},{"taxonomy":"product_cat","embeddable":true,"href":"https:\/\/revesen.de\/index.php\/wp-json\/wp\/v2\/product_cat?post=2825"},{"taxonomy":"product_tag","embeddable":true,"href":"https:\/\/revesen.de\/index.php\/wp-json\/wp\/v2\/product_tag?post=2825"}],"curies":[{"name":"wp","href":"https:\/\/api.w.org\/{rel}","templated":true}]}}