{"id":3064,"date":"2022-02-20T12:35:12","date_gmt":"2022-02-20T12:35:12","guid":{"rendered":"http:\/\/revesen.de\/?post_type=product&#038;p=3064"},"modified":"2025-05-26T08:03:36","modified_gmt":"2025-05-26T08:03:36","slug":"bodendiele-farbton-jeans","status":"publish","type":"product","link":"https:\/\/revesen.de\/index.php\/produkt\/bodendiele-farbton-jeans\/","title":{"rendered":"Bodendiele \u2013 Farbton Jeans"},"content":{"rendered":"<p>Moderne Innenr\u00e4ume zeichnen sich durch Einfachheit, Funktionalit\u00e4t und kr\u00e4ftige Farbkombinationen aus. Der marineblaue und marineblaue Boden ist eine interessante Alternative f\u00fcr Menschen, die keine Angst vor Herausforderungen und experimentellen L\u00f6sungen haben.<\/p>\n","protected":false},"excerpt":{"rendered":"<p>Moderne Innenr\u00e4ume zeichnen sich durch Einfachheit, Funktionalit\u00e4t und kr\u00e4ftige Farbkombinationen aus. Der marineblaue und marineblaue Boden ist eine interessante Alternative f\u00fcr Menschen, die keine Angst vor Herausforderungen und experimentellen L\u00f6sungen haben.<\/p>\n","protected":false},"featured_media":3065,"comment_status":"closed","ping_status":"closed","template":"","meta":[],"product_brand":[],"product_cat":[68],"product_tag":[],"class_list":{"0":"post-3064","1":"product","2":"type-product","3":"status-publish","4":"has-post-thumbnail","6":"product_cat-queen-kollektion","8":"first","9":"instock","10":"virtual","11":"product-type-simple"},"yoast_head":"<!-- This site is optimized with the Yoast SEO plugin v27.2 - https:\/\/yoast.com\/product\/yoast-seo-wordpress\/ -->\n<title>Bodendiele \u2013 Farbton Jeans - Revesen - producent pod\u0142\u00f3g drewnianych<\/title>\n<meta name=\"description\" content=\"Die Fu\u00dfbodendiele Jeans von Revesen \u2013 ein moderner, blau-marinefarbener Holzboden, kompatibel mit Fu\u00dfbodenheizungen. Entdecken Sie das einzigartige Design!\" \/>\n<meta name=\"robots\" content=\"index, follow, max-snippet:-1, max-image-preview:large, max-video-preview:-1\" \/>\n<link rel=\"canonical\" href=\"https:\/\/revesen.de\/index.php\/produkt\/bodendiele-farbton-jeans\/\" \/>\n<meta property=\"og:locale\" content=\"pl_PL\" \/>\n<meta property=\"og:type\" content=\"article\" \/>\n<meta property=\"og:title\" content=\"Bodendiele \u2013 Farbton Jeans - Revesen - producent pod\u0142\u00f3g drewnianych\" \/>\n<meta property=\"og:description\" content=\"Die Fu\u00dfbodendiele Jeans von Revesen \u2013 ein moderner, blau-marinefarbener Holzboden, kompatibel mit Fu\u00dfbodenheizungen. Entdecken Sie das einzigartige Design!\" \/>\n<meta property=\"og:url\" content=\"https:\/\/revesen.de\/index.php\/produkt\/bodendiele-farbton-jeans\/\" \/>\n<meta property=\"og:site_name\" content=\"Revesen - producent pod\u0142\u00f3g drewnianych\" \/>\n<meta property=\"article:modified_time\" content=\"2025-05-26T08:03:36+00:00\" \/>\n<meta property=\"og:image\" content=\"https:\/\/revesen.de\/wp-content\/uploads\/2022\/02\/jeans2.jpg\" \/>\n\t<meta property=\"og:image:width\" content=\"913\" \/>\n\t<meta property=\"og:image:height\" content=\"842\" \/>\n\t<meta property=\"og:image:type\" content=\"image\/jpeg\" \/>\n<meta name=\"twitter:card\" content=\"summary_large_image\" \/>\n<meta name=\"twitter:label1\" content=\"Szacowany czas czytania\" \/>\n\t<meta name=\"twitter:data1\" content=\"2 minuty\" \/>\n<script type=\"application\/ld+json\" class=\"yoast-schema-graph\">{\"@context\":\"https:\/\/schema.org\",\"@graph\":[{\"@type\":\"WebPage\",\"@id\":\"https:\/\/revesen.de\/index.php\/produkt\/bodendiele-farbton-jeans\/\",\"url\":\"https:\/\/revesen.de\/index.php\/produkt\/bodendiele-farbton-jeans\/\",\"name\":\"Bodendiele \u2013 Farbton Jeans - Revesen - producent pod\u0142\u00f3g drewnianych\",\"isPartOf\":{\"@id\":\"https:\/\/revesen.de\/#website\"},\"primaryImageOfPage\":{\"@id\":\"https:\/\/revesen.de\/index.php\/produkt\/bodendiele-farbton-jeans\/#primaryimage\"},\"image\":{\"@id\":\"https:\/\/revesen.de\/index.php\/produkt\/bodendiele-farbton-jeans\/#primaryimage\"},\"thumbnailUrl\":\"https:\/\/revesen.de\/wp-content\/uploads\/2022\/02\/jeans2.jpg\",\"datePublished\":\"2022-02-20T12:35:12+00:00\",\"dateModified\":\"2025-05-26T08:03:36+00:00\",\"description\":\"Die Fu\u00dfbodendiele Jeans von Revesen \u2013 ein moderner, blau-marinefarbener Holzboden, kompatibel mit Fu\u00dfbodenheizungen. Entdecken Sie das einzigartige Design!\",\"breadcrumb\":{\"@id\":\"https:\/\/revesen.de\/index.php\/produkt\/bodendiele-farbton-jeans\/#breadcrumb\"},\"inLanguage\":\"pl-PL\",\"potentialAction\":[{\"@type\":\"ReadAction\",\"target\":[\"https:\/\/revesen.de\/index.php\/produkt\/bodendiele-farbton-jeans\/\"]}]},{\"@type\":\"ImageObject\",\"inLanguage\":\"pl-PL\",\"@id\":\"https:\/\/revesen.de\/index.php\/produkt\/bodendiele-farbton-jeans\/#primaryimage\",\"url\":\"https:\/\/revesen.de\/wp-content\/uploads\/2022\/02\/jeans2.jpg\",\"contentUrl\":\"https:\/\/revesen.de\/wp-content\/uploads\/2022\/02\/jeans2.jpg\",\"width\":913,\"height\":842},{\"@type\":\"BreadcrumbList\",\"@id\":\"https:\/\/revesen.de\/index.php\/produkt\/bodendiele-farbton-jeans\/#breadcrumb\",\"itemListElement\":[{\"@type\":\"ListItem\",\"position\":1,\"name\":\"Strona g\u0142\u00f3wna\",\"item\":\"https:\/\/revesen.de\/\"},{\"@type\":\"ListItem\",\"position\":2,\"name\":\"Shop\",\"item\":\"https:\/\/revesen.de\/index.php\/shop\/\"},{\"@type\":\"ListItem\",\"position\":3,\"name\":\"Bodendiele \u2013 Farbton Jeans\"}]},{\"@type\":\"WebSite\",\"@id\":\"https:\/\/revesen.de\/#website\",\"url\":\"https:\/\/revesen.de\/\",\"name\":\"Revesen - producent pod\u0142\u00f3g drewnianych - Nowy S\u0105cz, Gorlice\",\"description\":\"Producent wysokiej jako\u015bci pod\u0142\u00f3g drewnianych z najwy\u017cszej jako\u015bci drewna\",\"publisher\":{\"@id\":\"https:\/\/revesen.de\/#\/schema\/person\/0239b11af0fef7a3fce8892a684f3003\"},\"potentialAction\":[{\"@type\":\"SearchAction\",\"target\":{\"@type\":\"EntryPoint\",\"urlTemplate\":\"https:\/\/revesen.de\/?s={search_term_string}\"},\"query-input\":{\"@type\":\"PropertyValueSpecification\",\"valueRequired\":true,\"valueName\":\"search_term_string\"}}],\"inLanguage\":\"pl-PL\"},{\"@type\":[\"Person\",\"Organization\"],\"@id\":\"https:\/\/revesen.de\/#\/schema\/person\/0239b11af0fef7a3fce8892a684f3003\",\"name\":\"admin\",\"image\":{\"@type\":\"ImageObject\",\"inLanguage\":\"pl-PL\",\"@id\":\"https:\/\/revesen.de\/wp-content\/uploads\/2022\/02\/logo-ciemne.jpg\",\"url\":\"https:\/\/revesen.de\/wp-content\/uploads\/2022\/02\/logo-ciemne.jpg\",\"contentUrl\":\"https:\/\/revesen.de\/wp-content\/uploads\/2022\/02\/logo-ciemne.jpg\",\"width\":233,\"height\":180,\"caption\":\"admin\"},\"logo\":{\"@id\":\"https:\/\/revesen.de\/wp-content\/uploads\/2022\/02\/logo-ciemne.jpg\"},\"sameAs\":[\"http:\/\/revesen.de\"]}]}<\/script>\n<!-- \/ Yoast SEO plugin. -->","yoast_head_json":{"title":"Bodendiele \u2013 Farbton Jeans - Revesen - producent pod\u0142\u00f3g drewnianych","description":"Die Fu\u00dfbodendiele Jeans von Revesen \u2013 ein moderner, blau-marinefarbener Holzboden, kompatibel mit Fu\u00dfbodenheizungen. Entdecken Sie das einzigartige Design!","robots":{"index":"index","follow":"follow","max-snippet":"max-snippet:-1","max-image-preview":"max-image-preview:large","max-video-preview":"max-video-preview:-1"},"canonical":"https:\/\/revesen.de\/index.php\/produkt\/bodendiele-farbton-jeans\/","og_locale":"pl_PL","og_type":"article","og_title":"Bodendiele \u2013 Farbton Jeans - Revesen - producent pod\u0142\u00f3g drewnianych","og_description":"Die Fu\u00dfbodendiele Jeans von Revesen \u2013 ein moderner, blau-marinefarbener Holzboden, kompatibel mit Fu\u00dfbodenheizungen. Entdecken Sie das einzigartige Design!","og_url":"https:\/\/revesen.de\/index.php\/produkt\/bodendiele-farbton-jeans\/","og_site_name":"Revesen - producent pod\u0142\u00f3g drewnianych","article_modified_time":"2025-05-26T08:03:36+00:00","og_image":[{"width":913,"height":842,"url":"https:\/\/revesen.de\/wp-content\/uploads\/2022\/02\/jeans2.jpg","type":"image\/jpeg"}],"twitter_card":"summary_large_image","twitter_misc":{"Szacowany czas czytania":"2 minuty"},"schema":{"@context":"https:\/\/schema.org","@graph":[{"@type":"WebPage","@id":"https:\/\/revesen.de\/index.php\/produkt\/bodendiele-farbton-jeans\/","url":"https:\/\/revesen.de\/index.php\/produkt\/bodendiele-farbton-jeans\/","name":"Bodendiele \u2013 Farbton Jeans - Revesen - producent pod\u0142\u00f3g drewnianych","isPartOf":{"@id":"https:\/\/revesen.de\/#website"},"primaryImageOfPage":{"@id":"https:\/\/revesen.de\/index.php\/produkt\/bodendiele-farbton-jeans\/#primaryimage"},"image":{"@id":"https:\/\/revesen.de\/index.php\/produkt\/bodendiele-farbton-jeans\/#primaryimage"},"thumbnailUrl":"https:\/\/revesen.de\/wp-content\/uploads\/2022\/02\/jeans2.jpg","datePublished":"2022-02-20T12:35:12+00:00","dateModified":"2025-05-26T08:03:36+00:00","description":"Die Fu\u00dfbodendiele Jeans von Revesen \u2013 ein moderner, blau-marinefarbener Holzboden, kompatibel mit Fu\u00dfbodenheizungen. Entdecken Sie das einzigartige Design!","breadcrumb":{"@id":"https:\/\/revesen.de\/index.php\/produkt\/bodendiele-farbton-jeans\/#breadcrumb"},"inLanguage":"pl-PL","potentialAction":[{"@type":"ReadAction","target":["https:\/\/revesen.de\/index.php\/produkt\/bodendiele-farbton-jeans\/"]}]},{"@type":"ImageObject","inLanguage":"pl-PL","@id":"https:\/\/revesen.de\/index.php\/produkt\/bodendiele-farbton-jeans\/#primaryimage","url":"https:\/\/revesen.de\/wp-content\/uploads\/2022\/02\/jeans2.jpg","contentUrl":"https:\/\/revesen.de\/wp-content\/uploads\/2022\/02\/jeans2.jpg","width":913,"height":842},{"@type":"BreadcrumbList","@id":"https:\/\/revesen.de\/index.php\/produkt\/bodendiele-farbton-jeans\/#breadcrumb","itemListElement":[{"@type":"ListItem","position":1,"name":"Strona g\u0142\u00f3wna","item":"https:\/\/revesen.de\/"},{"@type":"ListItem","position":2,"name":"Shop","item":"https:\/\/revesen.de\/index.php\/shop\/"},{"@type":"ListItem","position":3,"name":"Bodendiele \u2013 Farbton Jeans"}]},{"@type":"WebSite","@id":"https:\/\/revesen.de\/#website","url":"https:\/\/revesen.de\/","name":"Revesen - producent pod\u0142\u00f3g drewnianych - Nowy S\u0105cz, Gorlice","description":"Producent wysokiej jako\u015bci pod\u0142\u00f3g drewnianych z najwy\u017cszej jako\u015bci drewna","publisher":{"@id":"https:\/\/revesen.de\/#\/schema\/person\/0239b11af0fef7a3fce8892a684f3003"},"potentialAction":[{"@type":"SearchAction","target":{"@type":"EntryPoint","urlTemplate":"https:\/\/revesen.de\/?s={search_term_string}"},"query-input":{"@type":"PropertyValueSpecification","valueRequired":true,"valueName":"search_term_string"}}],"inLanguage":"pl-PL"},{"@type":["Person","Organization"],"@id":"https:\/\/revesen.de\/#\/schema\/person\/0239b11af0fef7a3fce8892a684f3003","name":"admin","image":{"@type":"ImageObject","inLanguage":"pl-PL","@id":"https:\/\/revesen.de\/wp-content\/uploads\/2022\/02\/logo-ciemne.jpg","url":"https:\/\/revesen.de\/wp-content\/uploads\/2022\/02\/logo-ciemne.jpg","contentUrl":"https:\/\/revesen.de\/wp-content\/uploads\/2022\/02\/logo-ciemne.jpg","width":233,"height":180,"caption":"admin"},"logo":{"@id":"https:\/\/revesen.de\/wp-content\/uploads\/2022\/02\/logo-ciemne.jpg"},"sameAs":["http:\/\/revesen.de"]}]}},"_links":{"self":[{"href":"https:\/\/revesen.de\/index.php\/wp-json\/wp\/v2\/product\/3064","targetHints":{"allow":["GET"]}}],"collection":[{"href":"https:\/\/revesen.de\/index.php\/wp-json\/wp\/v2\/product"}],"about":[{"href":"https:\/\/revesen.de\/index.php\/wp-json\/wp\/v2\/types\/product"}],"replies":[{"embeddable":true,"href":"https:\/\/revesen.de\/index.php\/wp-json\/wp\/v2\/comments?post=3064"}],"wp:featuredmedia":[{"embeddable":true,"href":"https:\/\/revesen.de\/index.php\/wp-json\/wp\/v2\/media\/3065"}],"wp:attachment":[{"href":"https:\/\/revesen.de\/index.php\/wp-json\/wp\/v2\/media?parent=3064"}],"wp:term":[{"taxonomy":"product_brand","embeddable":true,"href":"https:\/\/revesen.de\/index.php\/wp-json\/wp\/v2\/product_brand?post=3064"},{"taxonomy":"product_cat","embeddable":true,"href":"https:\/\/revesen.de\/index.php\/wp-json\/wp\/v2\/product_cat?post=3064"},{"taxonomy":"product_tag","embeddable":true,"href":"https:\/\/revesen.de\/index.php\/wp-json\/wp\/v2\/product_tag?post=3064"}],"curies":[{"name":"wp","href":"https:\/\/api.w.org\/{rel}","templated":true}]}}