{"id":3124,"date":"2022-02-20T21:06:25","date_gmt":"2022-02-20T21:06:25","guid":{"rendered":"http:\/\/revesen.de\/?post_type=product&#038;p=3124"},"modified":"2025-05-26T07:40:10","modified_gmt":"2025-05-26T07:40:10","slug":"bodendiele-farbton-taupe","status":"publish","type":"product","link":"https:\/\/revesen.de\/index.php\/produkt\/bodendiele-farbton-taupe\/","title":{"rendered":"Bodendiele \u2013 Farbton Taupe"},"content":{"rendered":"<p>Ein dunkler, tiefbrauner Boden mit helleren Verf\u00e4rbungen wirkt sich positiv auf die Atmosph\u00e4re im Haus aus. Die einzigartige Farbe der Platte wird die Inneneinrichtung Ihrer Wohnung abwechslungsreicher gestalten und ist ein integraler Bestandteil davon.<\/p>\n","protected":false},"excerpt":{"rendered":"<p>Ein dunkler, tiefbrauner Boden mit helleren Verf\u00e4rbungen wirkt sich positiv auf die Atmosph\u00e4re im Haus aus. Die einzigartige Farbe der Platte wird die Inneneinrichtung Ihrer Wohnung abwechslungsreicher gestalten und ist ein integraler Bestandteil davon.<\/p>\n","protected":false},"featured_media":3128,"comment_status":"closed","ping_status":"closed","template":"","meta":[],"product_brand":[],"product_cat":[69],"product_tag":[],"class_list":{"0":"post-3124","1":"product","2":"type-product","3":"status-publish","4":"has-post-thumbnail","6":"product_cat-vintage-kollektion","8":"first","9":"instock","10":"virtual","11":"product-type-simple"},"yoast_head":"<!-- This site is optimized with the Yoast SEO plugin v27.2 - https:\/\/yoast.com\/product\/yoast-seo-wordpress\/ -->\n<title>Bodendiele \u2013 Farbton Taupe - Revesen - producent pod\u0142\u00f3g drewnianych<\/title>\n<meta name=\"description\" content=\"Die taupefarbene Fu\u00dfbodendiele in dunklem Braun mit helleren Schattierungen bereichert die Wohnatmosph\u00e4re, verleiht dem Interieur Vielfalt und wird zu einem integralen Bestandteil Ihres Zuhauses.\" \/>\n<meta name=\"robots\" content=\"index, follow, max-snippet:-1, max-image-preview:large, max-video-preview:-1\" \/>\n<link rel=\"canonical\" href=\"https:\/\/revesen.de\/index.php\/produkt\/bodendiele-farbton-taupe\/\" \/>\n<meta property=\"og:locale\" content=\"pl_PL\" \/>\n<meta property=\"og:type\" content=\"article\" \/>\n<meta property=\"og:title\" content=\"Bodendiele \u2013 Farbton Taupe - Revesen - producent pod\u0142\u00f3g drewnianych\" \/>\n<meta property=\"og:description\" content=\"Die taupefarbene Fu\u00dfbodendiele in dunklem Braun mit helleren Schattierungen bereichert die Wohnatmosph\u00e4re, verleiht dem Interieur Vielfalt und wird zu einem integralen Bestandteil Ihres Zuhauses.\" \/>\n<meta property=\"og:url\" content=\"https:\/\/revesen.de\/index.php\/produkt\/bodendiele-farbton-taupe\/\" \/>\n<meta property=\"og:site_name\" content=\"Revesen - producent pod\u0142\u00f3g drewnianych\" \/>\n<meta property=\"article:modified_time\" content=\"2025-05-26T07:40:10+00:00\" \/>\n<meta property=\"og:image\" content=\"https:\/\/revesen.de\/wp-content\/uploads\/2022\/02\/taupe3.jpg\" \/>\n\t<meta property=\"og:image:width\" content=\"913\" \/>\n\t<meta property=\"og:image:height\" content=\"842\" \/>\n\t<meta property=\"og:image:type\" content=\"image\/jpeg\" \/>\n<meta name=\"twitter:card\" content=\"summary_large_image\" \/>\n<meta name=\"twitter:label1\" content=\"Szacowany czas czytania\" \/>\n\t<meta name=\"twitter:data1\" content=\"1 minuta\" \/>\n<script type=\"application\/ld+json\" class=\"yoast-schema-graph\">{\"@context\":\"https:\/\/schema.org\",\"@graph\":[{\"@type\":\"WebPage\",\"@id\":\"https:\/\/revesen.de\/index.php\/produkt\/bodendiele-farbton-taupe\/\",\"url\":\"https:\/\/revesen.de\/index.php\/produkt\/bodendiele-farbton-taupe\/\",\"name\":\"Bodendiele \u2013 Farbton Taupe - Revesen - producent pod\u0142\u00f3g drewnianych\",\"isPartOf\":{\"@id\":\"https:\/\/revesen.de\/#website\"},\"primaryImageOfPage\":{\"@id\":\"https:\/\/revesen.de\/index.php\/produkt\/bodendiele-farbton-taupe\/#primaryimage\"},\"image\":{\"@id\":\"https:\/\/revesen.de\/index.php\/produkt\/bodendiele-farbton-taupe\/#primaryimage\"},\"thumbnailUrl\":\"https:\/\/revesen.de\/wp-content\/uploads\/2022\/02\/taupe3.jpg\",\"datePublished\":\"2022-02-20T21:06:25+00:00\",\"dateModified\":\"2025-05-26T07:40:10+00:00\",\"description\":\"Die taupefarbene Fu\u00dfbodendiele in dunklem Braun mit helleren Schattierungen bereichert die Wohnatmosph\u00e4re, verleiht dem Interieur Vielfalt und wird zu einem integralen Bestandteil Ihres Zuhauses.\",\"breadcrumb\":{\"@id\":\"https:\/\/revesen.de\/index.php\/produkt\/bodendiele-farbton-taupe\/#breadcrumb\"},\"inLanguage\":\"pl-PL\",\"potentialAction\":[{\"@type\":\"ReadAction\",\"target\":[\"https:\/\/revesen.de\/index.php\/produkt\/bodendiele-farbton-taupe\/\"]}]},{\"@type\":\"ImageObject\",\"inLanguage\":\"pl-PL\",\"@id\":\"https:\/\/revesen.de\/index.php\/produkt\/bodendiele-farbton-taupe\/#primaryimage\",\"url\":\"https:\/\/revesen.de\/wp-content\/uploads\/2022\/02\/taupe3.jpg\",\"contentUrl\":\"https:\/\/revesen.de\/wp-content\/uploads\/2022\/02\/taupe3.jpg\",\"width\":913,\"height\":842},{\"@type\":\"BreadcrumbList\",\"@id\":\"https:\/\/revesen.de\/index.php\/produkt\/bodendiele-farbton-taupe\/#breadcrumb\",\"itemListElement\":[{\"@type\":\"ListItem\",\"position\":1,\"name\":\"Strona g\u0142\u00f3wna\",\"item\":\"https:\/\/revesen.de\/\"},{\"@type\":\"ListItem\",\"position\":2,\"name\":\"Shop\",\"item\":\"https:\/\/revesen.de\/index.php\/shop\/\"},{\"@type\":\"ListItem\",\"position\":3,\"name\":\"Bodendiele \u2013 Farbton Taupe\"}]},{\"@type\":\"WebSite\",\"@id\":\"https:\/\/revesen.de\/#website\",\"url\":\"https:\/\/revesen.de\/\",\"name\":\"Revesen - producent pod\u0142\u00f3g drewnianych - Nowy S\u0105cz, Gorlice\",\"description\":\"Producent wysokiej jako\u015bci pod\u0142\u00f3g drewnianych z najwy\u017cszej jako\u015bci drewna\",\"publisher\":{\"@id\":\"https:\/\/revesen.de\/#\/schema\/person\/0239b11af0fef7a3fce8892a684f3003\"},\"potentialAction\":[{\"@type\":\"SearchAction\",\"target\":{\"@type\":\"EntryPoint\",\"urlTemplate\":\"https:\/\/revesen.de\/?s={search_term_string}\"},\"query-input\":{\"@type\":\"PropertyValueSpecification\",\"valueRequired\":true,\"valueName\":\"search_term_string\"}}],\"inLanguage\":\"pl-PL\"},{\"@type\":[\"Person\",\"Organization\"],\"@id\":\"https:\/\/revesen.de\/#\/schema\/person\/0239b11af0fef7a3fce8892a684f3003\",\"name\":\"admin\",\"image\":{\"@type\":\"ImageObject\",\"inLanguage\":\"pl-PL\",\"@id\":\"https:\/\/revesen.de\/wp-content\/uploads\/2022\/02\/logo-ciemne.jpg\",\"url\":\"https:\/\/revesen.de\/wp-content\/uploads\/2022\/02\/logo-ciemne.jpg\",\"contentUrl\":\"https:\/\/revesen.de\/wp-content\/uploads\/2022\/02\/logo-ciemne.jpg\",\"width\":233,\"height\":180,\"caption\":\"admin\"},\"logo\":{\"@id\":\"https:\/\/revesen.de\/wp-content\/uploads\/2022\/02\/logo-ciemne.jpg\"},\"sameAs\":[\"http:\/\/revesen.de\"]}]}<\/script>\n<!-- \/ Yoast SEO plugin. -->","yoast_head_json":{"title":"Bodendiele \u2013 Farbton Taupe - Revesen - producent pod\u0142\u00f3g drewnianych","description":"Die taupefarbene Fu\u00dfbodendiele in dunklem Braun mit helleren Schattierungen bereichert die Wohnatmosph\u00e4re, verleiht dem Interieur Vielfalt und wird zu einem integralen Bestandteil Ihres Zuhauses.","robots":{"index":"index","follow":"follow","max-snippet":"max-snippet:-1","max-image-preview":"max-image-preview:large","max-video-preview":"max-video-preview:-1"},"canonical":"https:\/\/revesen.de\/index.php\/produkt\/bodendiele-farbton-taupe\/","og_locale":"pl_PL","og_type":"article","og_title":"Bodendiele \u2013 Farbton Taupe - Revesen - producent pod\u0142\u00f3g drewnianych","og_description":"Die taupefarbene Fu\u00dfbodendiele in dunklem Braun mit helleren Schattierungen bereichert die Wohnatmosph\u00e4re, verleiht dem Interieur Vielfalt und wird zu einem integralen Bestandteil Ihres Zuhauses.","og_url":"https:\/\/revesen.de\/index.php\/produkt\/bodendiele-farbton-taupe\/","og_site_name":"Revesen - producent pod\u0142\u00f3g drewnianych","article_modified_time":"2025-05-26T07:40:10+00:00","og_image":[{"width":913,"height":842,"url":"https:\/\/revesen.de\/wp-content\/uploads\/2022\/02\/taupe3.jpg","type":"image\/jpeg"}],"twitter_card":"summary_large_image","twitter_misc":{"Szacowany czas czytania":"1 minuta"},"schema":{"@context":"https:\/\/schema.org","@graph":[{"@type":"WebPage","@id":"https:\/\/revesen.de\/index.php\/produkt\/bodendiele-farbton-taupe\/","url":"https:\/\/revesen.de\/index.php\/produkt\/bodendiele-farbton-taupe\/","name":"Bodendiele \u2013 Farbton Taupe - Revesen - producent pod\u0142\u00f3g drewnianych","isPartOf":{"@id":"https:\/\/revesen.de\/#website"},"primaryImageOfPage":{"@id":"https:\/\/revesen.de\/index.php\/produkt\/bodendiele-farbton-taupe\/#primaryimage"},"image":{"@id":"https:\/\/revesen.de\/index.php\/produkt\/bodendiele-farbton-taupe\/#primaryimage"},"thumbnailUrl":"https:\/\/revesen.de\/wp-content\/uploads\/2022\/02\/taupe3.jpg","datePublished":"2022-02-20T21:06:25+00:00","dateModified":"2025-05-26T07:40:10+00:00","description":"Die taupefarbene Fu\u00dfbodendiele in dunklem Braun mit helleren Schattierungen bereichert die Wohnatmosph\u00e4re, verleiht dem Interieur Vielfalt und wird zu einem integralen Bestandteil Ihres Zuhauses.","breadcrumb":{"@id":"https:\/\/revesen.de\/index.php\/produkt\/bodendiele-farbton-taupe\/#breadcrumb"},"inLanguage":"pl-PL","potentialAction":[{"@type":"ReadAction","target":["https:\/\/revesen.de\/index.php\/produkt\/bodendiele-farbton-taupe\/"]}]},{"@type":"ImageObject","inLanguage":"pl-PL","@id":"https:\/\/revesen.de\/index.php\/produkt\/bodendiele-farbton-taupe\/#primaryimage","url":"https:\/\/revesen.de\/wp-content\/uploads\/2022\/02\/taupe3.jpg","contentUrl":"https:\/\/revesen.de\/wp-content\/uploads\/2022\/02\/taupe3.jpg","width":913,"height":842},{"@type":"BreadcrumbList","@id":"https:\/\/revesen.de\/index.php\/produkt\/bodendiele-farbton-taupe\/#breadcrumb","itemListElement":[{"@type":"ListItem","position":1,"name":"Strona g\u0142\u00f3wna","item":"https:\/\/revesen.de\/"},{"@type":"ListItem","position":2,"name":"Shop","item":"https:\/\/revesen.de\/index.php\/shop\/"},{"@type":"ListItem","position":3,"name":"Bodendiele \u2013 Farbton Taupe"}]},{"@type":"WebSite","@id":"https:\/\/revesen.de\/#website","url":"https:\/\/revesen.de\/","name":"Revesen - producent pod\u0142\u00f3g drewnianych - Nowy S\u0105cz, Gorlice","description":"Producent wysokiej jako\u015bci pod\u0142\u00f3g drewnianych z najwy\u017cszej jako\u015bci drewna","publisher":{"@id":"https:\/\/revesen.de\/#\/schema\/person\/0239b11af0fef7a3fce8892a684f3003"},"potentialAction":[{"@type":"SearchAction","target":{"@type":"EntryPoint","urlTemplate":"https:\/\/revesen.de\/?s={search_term_string}"},"query-input":{"@type":"PropertyValueSpecification","valueRequired":true,"valueName":"search_term_string"}}],"inLanguage":"pl-PL"},{"@type":["Person","Organization"],"@id":"https:\/\/revesen.de\/#\/schema\/person\/0239b11af0fef7a3fce8892a684f3003","name":"admin","image":{"@type":"ImageObject","inLanguage":"pl-PL","@id":"https:\/\/revesen.de\/wp-content\/uploads\/2022\/02\/logo-ciemne.jpg","url":"https:\/\/revesen.de\/wp-content\/uploads\/2022\/02\/logo-ciemne.jpg","contentUrl":"https:\/\/revesen.de\/wp-content\/uploads\/2022\/02\/logo-ciemne.jpg","width":233,"height":180,"caption":"admin"},"logo":{"@id":"https:\/\/revesen.de\/wp-content\/uploads\/2022\/02\/logo-ciemne.jpg"},"sameAs":["http:\/\/revesen.de"]}]}},"_links":{"self":[{"href":"https:\/\/revesen.de\/index.php\/wp-json\/wp\/v2\/product\/3124","targetHints":{"allow":["GET"]}}],"collection":[{"href":"https:\/\/revesen.de\/index.php\/wp-json\/wp\/v2\/product"}],"about":[{"href":"https:\/\/revesen.de\/index.php\/wp-json\/wp\/v2\/types\/product"}],"replies":[{"embeddable":true,"href":"https:\/\/revesen.de\/index.php\/wp-json\/wp\/v2\/comments?post=3124"}],"wp:featuredmedia":[{"embeddable":true,"href":"https:\/\/revesen.de\/index.php\/wp-json\/wp\/v2\/media\/3128"}],"wp:attachment":[{"href":"https:\/\/revesen.de\/index.php\/wp-json\/wp\/v2\/media?parent=3124"}],"wp:term":[{"taxonomy":"product_brand","embeddable":true,"href":"https:\/\/revesen.de\/index.php\/wp-json\/wp\/v2\/product_brand?post=3124"},{"taxonomy":"product_cat","embeddable":true,"href":"https:\/\/revesen.de\/index.php\/wp-json\/wp\/v2\/product_cat?post=3124"},{"taxonomy":"product_tag","embeddable":true,"href":"https:\/\/revesen.de\/index.php\/wp-json\/wp\/v2\/product_tag?post=3124"}],"curies":[{"name":"wp","href":"https:\/\/api.w.org\/{rel}","templated":true}]}}